{"id":47,"date":"2016-03-01T09:32:54","date_gmt":"2016-03-01T08:32:54","guid":{"rendered":"http:\/\/intensivpflege-wittstock.de\/?page_id=47"},"modified":"2020-08-25T11:11:16","modified_gmt":"2020-08-25T09:11:16","slug":"datenschutz","status":"publish","type":"page","link":"http:\/\/intensivpflege-wittstock.de\/index.php\/datenschutz\/","title":{"rendered":"Datenschutz"},"content":{"rendered":"<p>Als privatrechtliches Unternehmen unterliegen wir den Bestimmungen der Datenschutzgrundverordnung (DSGVO) und dem Telemediengesetz (TMG). Die nachfolgenden Ausf\u00fchrungen kl\u00e4ren Sie als Nutzer \u00fcber die Art, den Umfang und Zweck der Verarbeitung von personenbezogenen Daten (nachfolgend kurz &#8222;Daten&#8220;) innerhalb unseres Webautritts auf.<\/p>\n<h4>Art und Zweck der verarbeiteten Daten<\/h4>\n<p>Im Rahmen unseres Webauftritts erhebt unser Hosting-Anbieter\u00a0 Meta-\/Kommunikationsdaten f\u00fcr Sicherheitsma\u00dfnahmen und um die Zurverf\u00fcgungstellung des Webauftritts gew\u00e4hrleisten zu k\u00f6nnen.<\/p>\n<p>Dar\u00fcber hinaus werden keinerlei personenbezogene Daten erhoben. Bei diesem Webauftritt handelt es sich lediglich um ein Informationsangebot zu unserer Dienstleistung.<\/p>\n<h4>Begrifflichkeiten<\/h4>\n<h5>Personenbezogene Daten<\/h5>\n<p>Personenbezogene Daten sind Informationen, die dazu genutzt werden k\u00f6nnen, Ihre Identit\u00e4t als nat\u00fcrliche Person zu identifizieren. Neben Informationen wie Ihr Name, Adresse, Postanschrift und Telefonnummer, z\u00e4hlen dazu mit in Kraft treten der DSGVO auch IP-Adressen.<\/p>\n<h5>Verarbeitung<\/h5>\n<p>Unter Verarbeitung wird jeder ausgef\u00fchrte Vorgang oder Vorgangsreihe, mit oder ohne Hilfe automatisierter Verfahren, im Zusammenhang mit personenbezogenen Daten verstanden.<\/p>\n<h5>Verantwortlicher<\/h5>\n<p>Die nat\u00fcrliche oder juristische Person, Beh\u00f6rde, Einrichtung oder andere Stelle, die allein oder gemeinsam mit anderen \u00fcber die Zwecke und Mittel der Verarbeitung von personenbezogenen Daten entscheidet, wird als &#8222;Verantwortlicher&#8220; bezeichnet.<\/p>\n<h4>Hosting (ALL-INKL.com)<\/h4>\n<p>Die von uns in Anspruch genommenen Hosting-Leistungen der ALL-INKL.com &#8211; Neue Medien M\u00fcnnich (Hauptstra\u00dfe 68, 02742 Friedersdorf, Deutschland) dienen der Zurverf\u00fcgungstellung der folgenden Leistungen: Infrastrukturdienstleistungen, Rechenkapazit\u00e4t, Speicherplatz und Datenbankdienste, Sicherheitsleistungen sowie technische Wartungsleistungen, die wir zum Zwecke des Betriebs dieses Webauftritts nutzen.<\/p>\n<p>Hierbei verarbeiten wir, bzw. unser Hosting-Anbieter Meta- und Kommunikationsdaten aller Besucher unseres Webauftritts. Grundlage daf\u00fcr ist das berechtigte Interesse an einer effizienten und sicheren Zurverf\u00fcgungstellung des Webauftritts gem. Art. 6 Abs. 1 lit. f DSGVO i.V.m. Art. 28 DSGVO. Ein entsprechender Auftragsverabreitungsvertrag wurde geschlossen.<\/p>\n<h4>Erhebnung von Zugriffsdaten und Logfiles<\/h4>\n<p>Wir, bzw. unser Hostinganbieter, erhebt auf Grundlage unserer berechtigten Interessen im Sinne des Art. 6 Abs. 1 lit. f. DSGVO Daten \u00fcber jeden Zugriff auf den Server, auf dem sich dieser Dienst befindet (sogenannte Serverlogfiles). Zu den Zugriffsdaten geh\u00f6ren Name der abgerufenen Webseite, Datei, Datum und Uhrzeit des Abrufs, \u00fcbertragene Datenmenge, Meldung \u00fcber erfolgreichen Abruf, Browsertyp nebst Version, das Betriebssystem des Nutzers, Referrer URL (die zuvor besuchte Seite), IP-Adresse und der anfragende Provider.<\/p>\n<p>Logfile-Informationen werden aus Sicherheitsgr\u00fcnden (z.B. zur Aufkl\u00e4rung von Missbrauchs- oder Betrugshandlungen) f\u00fcr die Dauer von maximal 7 Tagen gespeichert und danach gel\u00f6scht. Daten, deren weitere Aufbewahrung zu Beweiszwecken erforderlich ist, sind bis zur endg\u00fcltigen Kl\u00e4rung des jeweiligen Vorfalls von der L\u00f6schung ausgenommen.<\/p>\n<h4>Rechte betroffener Personen<\/h4>\n<p>Sie haben das Recht, eine Best\u00e4tigung dar\u00fcber zu verlangen, ob betreffende Daten verarbeitet werden und auf Auskunft \u00fcber diese Daten sowie auf weitere Informationen und Kopie der Daten entsprechend Art. 15 DSGVO.<\/p>\n<p>Sie haben entsprechend. Art. 16 DSGVO das Recht, die Vervollst\u00e4ndigung der Sie betreffenden Daten oder die Berichtigung der Sie betreffenden unrichtigen Daten zu verlangen.<\/p>\n<p>Sie haben nach Ma\u00dfgabe des Art. 17 DSGVO das Recht zu verlangen, dass betreffende Daten unverz\u00fcglich gel\u00f6scht werden, bzw. alternativ nach Ma\u00dfgabe des Art. 18 DSGVO eine Einschr\u00e4nkung der Verarbeitung der Daten zu verlangen.<\/p>\n<p>Sie haben das Recht zu verlangen, dass die Sie betreffenden Daten, die Sie uns bereitgestellt haben nach Ma\u00dfgabe des Art. 20 DSGVO zu erhalten und deren \u00dcbermittlung an andere Verantwortliche zu fordern.<\/p>\n<p>Sie haben ferner gem. Art. 77 DSGVO das Recht, eine Beschwerde bei der zust\u00e4ndigen Aufsichtsbeh\u00f6rde einzureichen.<\/p>\n<h4>Widerrufsrecht<\/h4>\n<p>Sie haben das Recht, erteilte Einwilligungen gem. Art. 7 Abs. 3 DSGVO mit Wirkung f\u00fcr die Zukunft zu widerrufen<\/p>\n<h4>Widerspruchsrecht<\/h4>\n<p>Sie k\u00f6nnen der k\u00fcnftigen Verarbeitung der Sie betreffenden Daten nach Ma\u00dfgabe des Art. 21 DSGVO jederzeit widersprechen. Der Widerspruch kann insbesondere gegen die Verarbeitung f\u00fcr Zwecke der Direktwerbung erfolgen.<\/p>\n<h4>L\u00f6schung von Daten<\/h4>\n<p>Die von uns verarbeiteten Daten werden nach Ma\u00dfgabe der Art. 17 und 18 DSGVO gel\u00f6scht oder in ihrer Verarbeitung eingeschr\u00e4nkt. Sofern nicht im Rahmen dieser Datenschutzerkl\u00e4rung ausdr\u00fccklich angegeben, werden die bei uns gespeicherten Daten gel\u00f6scht, sobald sie f\u00fcr ihre Zweckbestimmung nicht mehr erforderlich sind und der L\u00f6schung keine gesetzlichen Aufbewahrungspflichten entgegenstehen. Sofern die Daten nicht gel\u00f6scht werden, weil sie f\u00fcr andere und gesetzlich zul\u00e4ssige Zwecke erforderlich sind, wird deren Verarbeitung eingeschr\u00e4nkt. D.h. die Daten werden gesperrt und nicht f\u00fcr andere Zwecke verarbeitet. Das gilt z.B. f\u00fcr Daten, die aus handels- oder steuerrechtlichen Gr\u00fcnden aufbewahrt werden m\u00fcssen.<\/p>\n<p>Nach gesetzlichen Vorgaben in Deutschland erfolgt die Aufbewahrung insbesondere f\u00fcr 6 Jahre gem\u00e4\u00df \u00a7 257 Abs. 1 HGB (Handelsb\u00fccher, Inventare, Er\u00f6ffnungsbilanzen, Jahresabschl\u00fcsse, Handelsbriefe, Buchungsbelege, etc.) sowie f\u00fcr 10 Jahre gem\u00e4\u00df \u00a7 147 Abs. 1 AO (B\u00fccher, Aufzeichnungen, Lageberichte, Buchungsbelege, Handels- und Gesch\u00e4ftsbriefe, F\u00fcr Besteuerung relevante Unterlagen, etc.).<\/p>\n<h4>Kontaktaufnahme<\/h4>\n<p>Bei der Kontaktaufnahme mit uns (z.B. per Kontaktformular, E-Mail, Telefon oder via sozialer Medien) werden die Angaben des Nutzers zur Bearbeitung der Kontaktanfrage und deren Abwicklung gem. Art. 6 Abs. 1 lit. b) DSGVO verarbeitet. Die Angaben der Nutzer k\u00f6nnen in einem Customer-Relationship-Management System (\u201eCRM System\u201c) oder vergleichbarer Anfragenorganisation gespeichert werden.<\/p>\n<p>Wir l\u00f6schen die Anfragen, sofern diese nicht mehr erforderlich sind. Wir \u00fcberpr\u00fcfen die Erforderlichkeit alle zwei Jahre; Ferner gelten die gesetzlichen Archivierungspflichten.<\/p>\n<h4>Onlinepr\u00e4senzen in sozialen Medien<\/h4>\n<p>Wir unterhalten Onlinepr\u00e4senzen innerhalb sozialer Netzwerke und Plattformen, um mit den dort aktiven Kunden, Interessenten und Nutzern kommunizieren und sie dort \u00fcber unsere Leistungen informieren zu k\u00f6nnen. Beim Aufruf der jeweiligen Netzwerke und Plattformen gelten die Gesch\u00e4ftsbedingungen und die Datenverarbeitungsrichtlinien deren jeweiligen Betreiber.<\/p>\n<p>Soweit nicht anders im Rahmen unserer Datenschutzerkl\u00e4rung angegeben, verarbeiten wir die Daten der Nutzer sofern diese mit uns innerhalb der sozialen Netzwerke und Plattformen kommunizieren, z.B. Beitr\u00e4ge auf unseren Onlinepr\u00e4senzen verfassen oder uns Nachrichten zusenden.<\/p>\n<h4>Kontaktdaten des Datenschutzbeauftragten<\/h4>\n\n\n<p>Sandro Schoffer<br>Pritzwalker Stra\u00dfe 10a<br>16909 Wittstock<\/p>\n\n\n<div class=\"ctsc-list ctsc-list-square \" id=\"ipw-list\"><span class=\"ctsc-list-icon icon-envelope\" style=\" background:gray; color:white;\"><\/span><a href=\"mailto:info@intensivpflege-wittstock.de\">datenschutz@intensivpflege-wittstock.de<\/a><\/div>\n\n\n\n<p><\/p>\n","protected":false},"excerpt":{"rendered":"<p>Als privatrechtliches Unternehmen unterliegen wir den Bestimmungen der Datenschutzgrundverordnung (DSGVO) und dem Telemediengesetz (TMG). Die nachfolgenden Ausf\u00fchrungen kl\u00e4ren Sie als Nutzer \u00fcber die Art, den Umfang und Zweck der Verarbeitung von personenbezogenen Daten (nachfolgend kurz &#8222;Daten&#8220;) innerhalb unseres Webautritts auf. Art und Zweck der verarbeiteten Daten Im Rahmen unseres Webauftritts erhebt unser Hosting-Anbieter\u00a0 Meta-\/Kommunikationsdaten f\u00fcr Sicherheitsma\u00dfnahmen und um die Zurverf\u00fcgungstellung des Webauftritts gew\u00e4hrleisten zu k\u00f6nnen. Dar\u00fcber hinaus werden keinerlei personenbezogene Daten erhoben. Bei diesem Webauftritt handelt es sich lediglich um&hellip;<\/p>\n","protected":false},"author":1,"featured_media":0,"parent":0,"menu_order":0,"comment_status":"closed","ping_status":"closed","template":"","meta":[],"yoast_head":"<!-- This site is optimized with the Yoast SEO plugin v17.1 - https:\/\/yoast.com\/wordpress\/plugins\/seo\/ -->\n<title>Datenschutz - ipw Intensivpflege Wittstock GmbH<\/title>\n<meta name=\"robots\" content=\"index, follow, max-snippet:-1, max-image-preview:large, max-video-preview:-1\" \/>\n<link rel=\"canonical\" href=\"http:\/\/intensivpflege-wittstock.de\/index.php\/datenschutz\/\" \/>\n<meta property=\"og:locale\" content=\"de_DE\" \/>\n<meta property=\"og:type\" content=\"article\" \/>\n<meta property=\"og:title\" content=\"Datenschutz - ipw Intensivpflege Wittstock GmbH\" \/>\n<meta property=\"og:description\" content=\"Als privatrechtliches Unternehmen unterliegen wir den Bestimmungen der Datenschutzgrundverordnung (DSGVO) und dem Telemediengesetz (TMG). Die nachfolgenden Ausf\u00fchrungen kl\u00e4ren Sie als Nutzer \u00fcber die Art, den Umfang und Zweck der Verarbeitung von personenbezogenen Daten (nachfolgend kurz &#8222;Daten&#8220;) innerhalb unseres Webautritts auf. Art und Zweck der verarbeiteten Daten Im Rahmen unseres Webauftritts erhebt unser Hosting-Anbieter\u00a0 Meta-\/Kommunikationsdaten f\u00fcr Sicherheitsma\u00dfnahmen und um die Zurverf\u00fcgungstellung des Webauftritts gew\u00e4hrleisten zu k\u00f6nnen. Dar\u00fcber hinaus werden keinerlei personenbezogene Daten erhoben. Bei diesem Webauftritt handelt es sich lediglich um&hellip;\" \/>\n<meta property=\"og:url\" content=\"http:\/\/intensivpflege-wittstock.de\/index.php\/datenschutz\/\" \/>\n<meta property=\"og:site_name\" content=\"ipw Intensivpflege Wittstock GmbH\" \/>\n<meta property=\"article:modified_time\" content=\"2020-08-25T09:11:16+00:00\" \/>\n<meta name=\"twitter:card\" content=\"summary\" \/>\n<meta name=\"twitter:label1\" content=\"Gesch\u00e4tzte Lesezeit\" \/>\n\t<meta name=\"twitter:data1\" content=\"5\u00a0Minuten\" \/>\n<script type=\"application\/ld+json\" class=\"yoast-schema-graph\">{\"@context\":\"https:\/\/schema.org\",\"@graph\":[{\"@type\":\"WebSite\",\"@id\":\"http:\/\/intensivpflege-wittstock.de\/#website\",\"url\":\"http:\/\/intensivpflege-wittstock.de\/\",\"name\":\"ipw Intensivpflege Wittstock GmbH\",\"description\":\"Ihr Fachpflegeteam f\\u00fcr 24 Stunden.\",\"potentialAction\":[{\"@type\":\"SearchAction\",\"target\":{\"@type\":\"EntryPoint\",\"urlTemplate\":\"http:\/\/intensivpflege-wittstock.de\/?s={search_term_string}\"},\"query-input\":\"required name=search_term_string\"}],\"inLanguage\":\"de\"},{\"@type\":\"WebPage\",\"@id\":\"http:\/\/intensivpflege-wittstock.de\/index.php\/datenschutz\/#webpage\",\"url\":\"http:\/\/intensivpflege-wittstock.de\/index.php\/datenschutz\/\",\"name\":\"Datenschutz - ipw Intensivpflege Wittstock GmbH\",\"isPartOf\":{\"@id\":\"http:\/\/intensivpflege-wittstock.de\/#website\"},\"datePublished\":\"2016-03-01T08:32:54+00:00\",\"dateModified\":\"2020-08-25T09:11:16+00:00\",\"breadcrumb\":{\"@id\":\"http:\/\/intensivpflege-wittstock.de\/index.php\/datenschutz\/#breadcrumb\"},\"inLanguage\":\"de\",\"potentialAction\":[{\"@type\":\"ReadAction\",\"target\":[\"http:\/\/intensivpflege-wittstock.de\/index.php\/datenschutz\/\"]}]},{\"@type\":\"BreadcrumbList\",\"@id\":\"http:\/\/intensivpflege-wittstock.de\/index.php\/datenschutz\/#breadcrumb\",\"itemListElement\":[{\"@type\":\"ListItem\",\"position\":1,\"name\":\"Home\",\"item\":\"http:\/\/intensivpflege-wittstock.de\/\"},{\"@type\":\"ListItem\",\"position\":2,\"name\":\"Datenschutz\"}]}]}<\/script>\n<!-- \/ Yoast SEO plugin. -->","yoast_head_json":{"title":"Datenschutz - ipw Intensivpflege Wittstock GmbH","robots":{"index":"index","follow":"follow","max-snippet":"max-snippet:-1","max-image-preview":"max-image-preview:large","max-video-preview":"max-video-preview:-1"},"canonical":"http:\/\/intensivpflege-wittstock.de\/index.php\/datenschutz\/","og_locale":"de_DE","og_type":"article","og_title":"Datenschutz - ipw Intensivpflege Wittstock GmbH","og_description":"Als privatrechtliches Unternehmen unterliegen wir den Bestimmungen der Datenschutzgrundverordnung (DSGVO) und dem Telemediengesetz (TMG). Die nachfolgenden Ausf\u00fchrungen kl\u00e4ren Sie als Nutzer \u00fcber die Art, den Umfang und Zweck der Verarbeitung von personenbezogenen Daten (nachfolgend kurz &#8222;Daten&#8220;) innerhalb unseres Webautritts auf. Art und Zweck der verarbeiteten Daten Im Rahmen unseres Webauftritts erhebt unser Hosting-Anbieter\u00a0 Meta-\/Kommunikationsdaten f\u00fcr Sicherheitsma\u00dfnahmen und um die Zurverf\u00fcgungstellung des Webauftritts gew\u00e4hrleisten zu k\u00f6nnen. Dar\u00fcber hinaus werden keinerlei personenbezogene Daten erhoben. Bei diesem Webauftritt handelt es sich lediglich um&hellip;","og_url":"http:\/\/intensivpflege-wittstock.de\/index.php\/datenschutz\/","og_site_name":"ipw Intensivpflege Wittstock GmbH","article_modified_time":"2020-08-25T09:11:16+00:00","twitter_card":"summary","twitter_misc":{"Gesch\u00e4tzte Lesezeit":"5\u00a0Minuten"},"schema":{"@context":"https:\/\/schema.org","@graph":[{"@type":"WebSite","@id":"http:\/\/intensivpflege-wittstock.de\/#website","url":"http:\/\/intensivpflege-wittstock.de\/","name":"ipw Intensivpflege Wittstock GmbH","description":"Ihr Fachpflegeteam f\u00fcr 24 Stunden.","potentialAction":[{"@type":"SearchAction","target":{"@type":"EntryPoint","urlTemplate":"http:\/\/intensivpflege-wittstock.de\/?s={search_term_string}"},"query-input":"required name=search_term_string"}],"inLanguage":"de"},{"@type":"WebPage","@id":"http:\/\/intensivpflege-wittstock.de\/index.php\/datenschutz\/#webpage","url":"http:\/\/intensivpflege-wittstock.de\/index.php\/datenschutz\/","name":"Datenschutz - ipw Intensivpflege Wittstock GmbH","isPartOf":{"@id":"http:\/\/intensivpflege-wittstock.de\/#website"},"datePublished":"2016-03-01T08:32:54+00:00","dateModified":"2020-08-25T09:11:16+00:00","breadcrumb":{"@id":"http:\/\/intensivpflege-wittstock.de\/index.php\/datenschutz\/#breadcrumb"},"inLanguage":"de","potentialAction":[{"@type":"ReadAction","target":["http:\/\/intensivpflege-wittstock.de\/index.php\/datenschutz\/"]}]},{"@type":"BreadcrumbList","@id":"http:\/\/intensivpflege-wittstock.de\/index.php\/datenschutz\/#breadcrumb","itemListElement":[{"@type":"ListItem","position":1,"name":"Home","item":"http:\/\/intensivpflege-wittstock.de\/"},{"@type":"ListItem","position":2,"name":"Datenschutz"}]}]}},"_links":{"self":[{"href":"http:\/\/intensivpflege-wittstock.de\/index.php\/wp-json\/wp\/v2\/pages\/47"}],"collection":[{"href":"http:\/\/intensivpflege-wittstock.de\/index.php\/wp-json\/wp\/v2\/pages"}],"about":[{"href":"http:\/\/intensivpflege-wittstock.de\/index.php\/wp-json\/wp\/v2\/types\/page"}],"author":[{"embeddable":true,"href":"http:\/\/intensivpflege-wittstock.de\/index.php\/wp-json\/wp\/v2\/users\/1"}],"replies":[{"embeddable":true,"href":"http:\/\/intensivpflege-wittstock.de\/index.php\/wp-json\/wp\/v2\/comments?post=47"}],"version-history":[{"count":10,"href":"http:\/\/intensivpflege-wittstock.de\/index.php\/wp-json\/wp\/v2\/pages\/47\/revisions"}],"predecessor-version":[{"id":138,"href":"http:\/\/intensivpflege-wittstock.de\/index.php\/wp-json\/wp\/v2\/pages\/47\/revisions\/138"}],"wp:attachment":[{"href":"http:\/\/intensivpflege-wittstock.de\/index.php\/wp-json\/wp\/v2\/media?parent=47"}],"curies":[{"name":"wp","href":"https:\/\/api.w.org\/{rel}","templated":true}]}}